{"id":23403,"date":"2022-10-28T12:41:03","date_gmt":"2022-10-28T10:41:03","guid":{"rendered":"https:\/\/ecol.eu\/klauzula-informacyjna-rodo-2\/"},"modified":"2025-12-08T13:06:07","modified_gmt":"2025-12-08T12:06:07","slug":"informationsklausul-for-gdpr","status":"publish","type":"page","link":"https:\/\/ecol.eu\/sv\/informationsklausul-for-gdpr\/","title":{"rendered":"Informationsklausul f\u00f6r GDPR"},"content":{"rendered":"\n<div style=\"height:100px\" aria-hidden=\"true\" class=\"wp-block-spacer\"><\/div>\n\n\n<section class=\"editor alignwide\">\n  <div class=\"container\">\n    <div class=\"row\">\n      <article class=\"offset-lg-2 col-xl-9 col-lg-10 editor__text\">\n\n        \n          \n            \n\t\t\t\t\t      <div class=\"post\">\n\t\t\t\t\t\t      \n\t\t\t\t\t\t      \t\t\t\t\t\t\t      <div class=\"post\">\n\t\t\t\t\t\t\t\t      <h2 class=\"post__header heading heading--line\">Informationsklausul f\u00f6r GDPR<\/h2>\n<p>Informationsklausul f\u00f6r GDPR<br>\nI enlighet med artikel 13.1 och 13.2 i\u00a0den allm\u00e4nna dataskyddsf\u00f6rordningen av den 27 april 2016. (EUT.EU.L.2016.119.1 av den 2016.05.04), nedan kallad f\u00f6rordningen, informerar vi dig om att:  <\/p>\n<ol class=\"post__list post__list--ordered\">\n<li class=\"post__list-item\">1 Administrat\u00f6ren av dina personuppgifter \u00e4r:<br>\nEcol sp. z\u00a0o.o., med s\u00e4te i\u00a0Rybnik (44-207), p\u00e5 71 A Podmiejska Street,<br>\nUE VAT NO: 6420000576, telefon: +48 32 739 18 30, e-post: ecol@ecol.eu\n <\/li>\n<li class=\"post__list-item\">2. Dina personuppgifter behandlas i\u00a0syfte att besvara ett meddelande till oss\/etablera kontakt och eventuellt ytterligare samarbete, p\u00e5 grundval av artikel 6.1 a\u00a0och b i\u00a0f\u00f6rordningen.    <\/li>\n<li class=\"post__list-item\">3. Dina personuppgifter kommer att behandlas under tiden f\u00f6r korrespondens\/fullg\u00f6rande av avtalet och, efter avtalets l\u00f6ptid, under den period som \u00e4r n\u00f6dv\u00e4ndig f\u00f6r att s\u00e4kerst\u00e4lla anspr\u00e5k som h\u00e4rr\u00f6r fr\u00e5n detta och den period som f\u00f6ljer av allm\u00e4nt till\u00e4mplig lagstiftning.<\/li>\n<li class=\"post__list-item\">4. Uppgifterna kommer inte att \u00f6verf\u00f6ras till ett tredje land eller en internationell organisation.<\/li>\n<li class=\"post__list-item\">5. Dina personuppgifter kommer inte att g\u00f6ras tillg\u00e4ngliga f\u00f6r tredje part \u2013\u00a0mottagare i\u00a0den mening som avses i\u00a0artikel 4.9 i\u00a0f\u00f6rordningen, utom om en s\u00e5dan skyldighet f\u00f6ljer av allm\u00e4nt till\u00e4mpliga r\u00e4ttsliga best\u00e4mmelser. <\/li>\n<li class=\"post__list-item\">6. Du har r\u00e4tt att f\u00e5 tillg\u00e5ng till inneh\u00e5llet i\u00a0dina uppgifter, r\u00e4tt till r\u00e4ttelse, radering, begr\u00e4nsning av behandlingen och r\u00e4tt till portabilitet av dina uppgifter, samt r\u00e4tt att \u00e5terkalla ditt samtycke till behandling om behandlingen baserades p\u00e5 ditt samtycke.<\/li>\n<li class=\"post__list-item\">7. Du har r\u00e4tt att l\u00e4mna in ett klagom\u00e5l till en tillsynsmyndighet om du anser att behandlingen av dina personuppgifter strider mot f\u00f6rordningen.<\/li>\n<li class=\"post__list-item\">8. Ditt tillhandah\u00e5llande av personuppgifter \u00e4r frivilligt.<\/li>\n<li class=\"post__list-item\">9. Beslut som baseras p\u00e5 de uppgifter du tillhandah\u00e5ller kommer inte att fattas p\u00e5 automatiserad v\u00e4g.<\/li>\n<\/ol>\n\n\t\t\t\t\t\t\t      <\/div>\n\t\t\t\t\t\t      \t\t\t\t\t      <\/div>\n                \n          \n        \n      <\/article>\n    <\/div>\n  <\/div>\n<\/section>\n","protected":false},"excerpt":{"rendered":"","protected":false},"author":3,"featured_media":23073,"parent":0,"menu_order":0,"comment_status":"closed","ping_status":"closed","template":"","meta":{"_acf_changed":false,"footnotes":""},"class_list":["post-23403","page","type-page","status-publish","has-post-thumbnail","hentry"],"acf":[],"_links":{"self":[{"href":"https:\/\/ecol.eu\/sv\/wp-json\/wp\/v2\/pages\/23403","targetHints":{"allow":["GET"]}}],"collection":[{"href":"https:\/\/ecol.eu\/sv\/wp-json\/wp\/v2\/pages"}],"about":[{"href":"https:\/\/ecol.eu\/sv\/wp-json\/wp\/v2\/types\/page"}],"author":[{"embeddable":true,"href":"https:\/\/ecol.eu\/sv\/wp-json\/wp\/v2\/users\/3"}],"replies":[{"embeddable":true,"href":"https:\/\/ecol.eu\/sv\/wp-json\/wp\/v2\/comments?post=23403"}],"version-history":[{"count":5,"href":"https:\/\/ecol.eu\/sv\/wp-json\/wp\/v2\/pages\/23403\/revisions"}],"predecessor-version":[{"id":42523,"href":"https:\/\/ecol.eu\/sv\/wp-json\/wp\/v2\/pages\/23403\/revisions\/42523"}],"wp:featuredmedia":[{"embeddable":true,"href":"https:\/\/ecol.eu\/sv\/wp-json\/wp\/v2\/media\/23073"}],"wp:attachment":[{"href":"https:\/\/ecol.eu\/sv\/wp-json\/wp\/v2\/media?parent=23403"}],"curies":[{"name":"wp","href":"https:\/\/api.w.org\/{rel}","templated":true}]}}