{"id":23399,"date":"2022-10-28T10:36:32","date_gmt":"2022-10-28T08:36:32","guid":{"rendered":"https:\/\/ecol.eu\/informacja-o-przetwarzaniu-wizerunku-2\/"},"modified":"2024-08-16T13:13:21","modified_gmt":"2024-08-16T11:13:21","slug":"information-om-behandling-av-personuppgifter","status":"publish","type":"page","link":"https:\/\/ecol.eu\/sv\/information-om-behandling-av-personuppgifter\/","title":{"rendered":"Information om bildbehandling"},"content":{"rendered":"\n<div style=\"height:100px\" aria-hidden=\"true\" class=\"wp-block-spacer\"><\/div>\n\n\n<section class=\"editor alignwide\">\n  <div class=\"container\">\n    <div class=\"row\">\n      <article class=\"offset-lg-2 col-xl-9 col-lg-10 editor__text\">\n\n        \n          \n            \n\t\t\t\t\t      <div class=\"post\">\n\t\t\t\t\t\t      \n\t\t\t\t\t\t      \t\t\t\t\t\t\t      <div class=\"post\">\n\t\t\t\t\t\t\t\t      <h2 class=\"post__header heading heading--line\">Information om behandling av personuppgifter om personer som vistas i\u00a0Ecol Sp. z\u00a0o.o.:s omr\u00e5de med hj\u00e4lp av \u00f6vervakningssystem <\/h2>\n<p class=\"post__paragraph\"><b>Ecol sp. z\u00a0o.o.:s byggnader, utrymmen och omr\u00e5den kamera\u00f6vervakas. <\/b><\/p>\n<ol class=\"post__list post__list--ordered\">\n<li class=\"post__list-item\">\n<\/li><li class=\"post__list-item\">1. Ecol sp. z\u00a0o.o. med s\u00e4te i\u00a0Rybnik, ul. Podmiejska 71A, \u00e4r personuppgiftsansvarig.<\/li>\n<li class=\"post__list-item\">2. Du kan kontakta den personuppgiftsansvariga p\u00e5 Ecol Sp z\u00a0o.o. via f\u00f6ljande e-postadress: ecol@ecol.eu.<\/li>\n<li class=\"post__list-item\">3. Dina personuppgifter behandlas i\u00a0syfte att skydda egendom och v\u00e4rna om s\u00e4kerheten f\u00f6r alla som vistas i\u00a0Ecol sp. z\u00a0o.o.:s omr\u00e5de.<\/li>\n<li class=\"post__list-item\">4. Den r\u00e4ttsliga grunden f\u00f6r Ecol Sp z\u00a0o.o.:s behandling av personuppgifter f\u00f6r det \u00e4ndam\u00e5l som anges i\u00a0punkt 3 ovan \u00e4r Ecol Sp z\u00a0o.o.:s ber\u00e4ttigade intresse (i enlighet med artikel 6.1 f i\u00a0dataskyddsf\u00f6rordningen) \u2013\u00a0f\u00f6r att garantera s\u00e4kerheten i\u00a0byggnader, hela omr\u00e5det och f\u00f6r att skydda personer och egendom.<\/li>\n<li class=\"post__list-item\">5. Personuppgifter kan l\u00e4mnas ut av Ecol Sp. z\u00a0o.o. till enheter som behandlar personuppgifter p\u00e5 uppdrag av den personuppgiftsansvariga, med vilka den personuppgiftsansvariga har ing\u00e5tt avtal om behandling av personuppgifter, samt i\u00a0en situation d\u00e4r en s\u00e5dan skyldighet f\u00f6ljer av allm\u00e4nt g\u00e4llande lagar som \u00e5ligger Ecol Sp. z\u00a0o.o.<\/li>\n<li class=\"post__list-item\">6. Personuppgifterna lagras i\u00a0upp till 1 m\u00e5nad fr\u00e5n inspelningsdatumet, varefter de skrivs \u00f6ver automatiskt. Hur l\u00e4nge de lagras exakt beror p\u00e5 antalet h\u00e4ndelser samt utrymmet p\u00e5 registreringsenhetens h\u00e5rddisk.<\/li>\n<li class=\"post__list-item\">7. Du har r\u00e4tt att ha insyn i\u00a0dina uppgifter, radera dem och begr\u00e4nsa behandlingen. R\u00e4tten till insyn kan begr\u00e4nsas d\u00e5 det \u00e4r befogat, t.ex. i\u00a0samband med skyddet av personuppgifter om andra personer som vistats i\u00a0\u00f6vervakningsomr\u00e5det, framst\u00e4llande av anspr\u00e5k och vid f\u00f6rfaranden som leds av beh\u00f6riga organ.<\/li>\n<li class=\"post__list-item\">8. Du har r\u00e4tt att l\u00e4mna in ett klagom\u00e5l till ordf\u00f6randen f\u00f6r dataskyddsmyndigheten.<\/li>\n<li class=\"post__list-item\">9. Dina personuppgifter kommer inte att \u00f6verf\u00f6ras utanf\u00f6r Europeiska ekonomiska samarbetsomr\u00e5det eller till en internationell organisation.<\/li>\n<li class=\"post__list-item\">10. Dina personuppgifter kommer inte att ligga till grund f\u00f6r beslut som fattas p\u00e5 automatiserad v\u00e4g, inbegripet profilering.<\/li>\n<\/ol>\n\n\t\t\t\t\t\t\t      <\/div>\n\t\t\t\t\t\t      \t\t\t\t\t      <\/div>\n                \n          \n        \n      <\/article>\n    <\/div>\n  <\/div>\n<\/section>\n","protected":false},"excerpt":{"rendered":"","protected":false},"author":3,"featured_media":23073,"parent":0,"menu_order":0,"comment_status":"closed","ping_status":"closed","template":"","meta":{"_acf_changed":false,"footnotes":""},"class_list":["post-23399","page","type-page","status-publish","has-post-thumbnail","hentry"],"acf":[],"_links":{"self":[{"href":"https:\/\/ecol.eu\/sv\/wp-json\/wp\/v2\/pages\/23399","targetHints":{"allow":["GET"]}}],"collection":[{"href":"https:\/\/ecol.eu\/sv\/wp-json\/wp\/v2\/pages"}],"about":[{"href":"https:\/\/ecol.eu\/sv\/wp-json\/wp\/v2\/types\/page"}],"author":[{"embeddable":true,"href":"https:\/\/ecol.eu\/sv\/wp-json\/wp\/v2\/users\/3"}],"replies":[{"embeddable":true,"href":"https:\/\/ecol.eu\/sv\/wp-json\/wp\/v2\/comments?post=23399"}],"version-history":[{"count":3,"href":"https:\/\/ecol.eu\/sv\/wp-json\/wp\/v2\/pages\/23399\/revisions"}],"predecessor-version":[{"id":28651,"href":"https:\/\/ecol.eu\/sv\/wp-json\/wp\/v2\/pages\/23399\/revisions\/28651"}],"wp:featuredmedia":[{"embeddable":true,"href":"https:\/\/ecol.eu\/sv\/wp-json\/wp\/v2\/media\/23073"}],"wp:attachment":[{"href":"https:\/\/ecol.eu\/sv\/wp-json\/wp\/v2\/media?parent=23399"}],"curies":[{"name":"wp","href":"https:\/\/api.w.org\/{rel}","templated":true}]}}